{"version":"1.0","provider_name":"Kiskertem","provider_url":"https:\/\/kiskertem.cafeblog.hu","author_name":"Mother\\'s Heart","author_url":"https:\/\/kiskertem.cafeblog.hu\/author\/mothers-heart\/","title":"Ty\u00fak\u00f3l","html":"P\u00e1r \u00e9ve m\u00e9g volt ty\u00fak\u00f3lunk, azt\u00e1n szan\u00e1ltuk, mert nem \u00e9rte meg vel\u00fck foglalkozni. R\u00e1ad\u00e1sul nagyim annyira t\u00falz\u00e1sba vitte, hogy szinte el sem mozdult mell\u0151l\u00fck, id\u0151re haza kellett j\u00f6nnie...stb.\r\n\r\nMost\u00e1n\u00e1ban, illetve egy j\u00f3 \u00e9ve azonban fontolgatjuk, tervezgetj\u00fck ty\u00fak\u00f3l kialak\u00edt\u00e1s\u00e1t, mert dr\u00e1gul a toj\u00e1s, a h\u00fas... \u00e9s elf\u00e9rnek a telken.\r\n\r\nAz id\u00e9n a tettek mezej\u00e9re l\u00e9pt\u00fcnk, de h\u00e1la a sok fontolgat\u00e1snak, \u00fagy d\u00f6nt\u00f6tt\u00fcnk, hogy csak 10-15 darab lesz toj\u00f3nak. Mi \"rengeteg\" toj\u00e1st esz\u00fcnk, a napi 6-8 \u00e1tlagos mennyis\u00e9g. Ezen fel\u00fcl gy\u00farjuk a t\u00e9szt\u00e1t, amihez ugyan j\u00f3 a h\u00e1zi toj\u00e1s. \u00cdgy egy ismer\u0151s teny\u00e9szt\u0151 seg\u00edts\u00e9g\u00e9vel v\u00e1lasztottunk toj\u00f3 fajt\u00e1t \u00e9s csak azok lesznek. H\u00e1zi csirk\u00e9t, ty\u00fakot tudunk venni, frissen v\u00e1gva csal\u00e1don bel\u00fclr\u0151l is, de toj\u00e1st, csak teny\u00e9szt\u0151it, az viszont nem pont olyan, mint a h\u00e1zi...\r\n\r\nEl\u0151sz\u00f6r kijel\u00f6lt\u00fck a hely\u00e9t, azt\u00e1n j\u00f6tt a betonalap.\r\n<p style=\"text-align: center\"><a href=\"https:\/\/kiskertem.cafeblog.hu\/files\/2013\/07\/IMG_2659.jpg\"><img class=\"alignnone size-medium wp-image-145\" alt=\"IMG_2659\" src=\"https:\/\/kiskertem.cafeblog.hu\/files\/2013\/07\/IMG_2659-300x94.jpg\" width=\"300\" height=\"94\" \/><\/a><\/p>\r\n<p style=\"text-align: left\">Ezut\u00e1n k\u00f6vetkezett a fel\u00e9p\u00edtm\u00e9ny, amit egy ismer\u0151s asztalos k\u00e9sz\u00edtett el. T\u00fck\u00f6r forma, a bels\u0151 fele ty\u00fak\u00f3l, a k\u00fcls\u0151 pedig szersz\u00e1mos lesz, a kap\u00e1nak, gerebly\u00e9nek, illetve itt fogjuk a permetszereket is tartani.<\/p>\r\n<p style=\"text-align: left\"><a href=\"https:\/\/kiskertem.cafeblog.hu\/files\/2013\/07\/IMG_2932.jpg\"><img class=\"size-medium wp-image-146 aligncenter\" alt=\"IMG_2932\" src=\"https:\/\/kiskertem.cafeblog.hu\/files\/2013\/07\/IMG_2932-300x224.jpg\" width=\"300\" height=\"224\" \/><\/a><\/p>\r\n<p style=\"text-align: left\">Ezut\u00e1n a laz\u00faroz\u00e1s k\u00f6vetkezett:<\/p>\r\n<p style=\"text-align: left\"><a href=\"https:\/\/kiskertem.cafeblog.hu\/files\/2013\/07\/IMG_3006.jpg\"><img class=\"size-medium wp-image-147 aligncenter\" alt=\"IMG_3006\" src=\"https:\/\/kiskertem.cafeblog.hu\/files\/2013\/07\/IMG_3006-300x224.jpg\" width=\"300\" height=\"224\" \/><\/a><\/p>\r\n<p style=\"text-align: left\">V\u00e9g\u00fcl a ker\u00edt\u00e9s ker\u00fclt kialak\u00edt\u00e1sra. Lassan j\u00f6hetnek az \u00faj lak\u00f3k, m\u00e9g van n\u00e9mi teend\u0151, mert a fel\u0171l\u0151t m\u00e9g ki kell nekik alak\u00edtani \u00e9s kell egy szell\u0151z\u0151ny\u00edl\u00e1st v\u00e1gni, mert piszok meleg van benne. T\u00e9lre kapnak szigetel\u00e9st is, hogy ne f\u00e1zzanak.<\/p>\r\n<p style=\"text-align: left\"><a href=\"https:\/\/kiskertem.cafeblog.hu\/files\/2013\/07\/IMG_3194.jpg\"><img class=\"size-medium wp-image-148 aligncenter\" alt=\"IMG_3194\" src=\"https:\/\/kiskertem.cafeblog.hu\/files\/2013\/07\/IMG_3194-224x300.jpg\" width=\"224\" height=\"300\" \/><\/a><\/p>\r\n<p style=\"text-align: left\">Egyik ismer\u0151s\u00fcnk azt mondta, m\u00e1s a h\u00e1z\u00e1hoz nem haszn\u00e1l ilyen anyagot (2 cm lamb\u00e9ria), de nek\u00fcnk fontos, hogy illeszkedjen a k\u00f6rnyezet\u00fcnkbe \u00e9s ne kelljen p\u00e1r \u00e9v ut\u00e1n megint t\u00e1kolni valamit.<\/p>\r\n<p style=\"text-align: left\">R\u00e1ad\u00e1sul a ty\u00fakok is jobban tojnak, ha j\u00f3l \u00e9rzik magukat :) Szerintem sz\u00e9p lett, m\u00e1r v\u00e1rom a csirk\u00e9ket!<\/p>\r\n<p style=\"text-align: left\"><a href=\"https:\/\/kiskertem.cafeblog.hu\/files\/2013\/07\/IMG_3193.jpg\"><img class=\"size-medium wp-image-150 aligncenter\" alt=\"IMG_3193\" src=\"https:\/\/kiskertem.cafeblog.hu\/files\/2013\/07\/IMG_3193-300x224.jpg\" width=\"300\" height=\"224\" \/><\/a><\/p>\r\n<p style=\"text-align: left\"><\/p>","type":"rich","thumbnail_url":"https:\/\/kiskertem.cafeblog.hu\/files\/2013\/07\/IMG_3193-150x150.jpg","thumbnail_width":150,"thumbnail_height":150}